{"id":14503,"date":"2023-06-08T08:41:52","date_gmt":"2023-06-08T08:41:52","guid":{"rendered":"https:\/\/clinvetdosona.cat\/?page_id=14503"},"modified":"2024-06-11T14:59:28","modified_gmt":"2024-06-11T14:59:28","slug":"ester-forjan-bres","status":"publish","type":"page","link":"https:\/\/clinvetdosona.cat\/es\/ester-forjan-bres\/","title":{"rendered":"Ester Forjan Bres"},"content":{"rendered":"\t\t<div data-elementor-type=\"wp-page\" data-elementor-id=\"14503\" class=\"elementor elementor-14503 elementor-14410\">\n\t\t\t\t\t\t\t\t\t<section class=\"elementor-section elementor-top-section elementor-element elementor-element-98ff59b equipo elementor-section-boxed elementor-section-height-default elementor-section-height-default\" data-id=\"98ff59b\" data-element_type=\"section\">\n\t\t\t\t\t\t<div class=\"elementor-container elementor-column-gap-default\">\n\t\t\t\t\t<div class=\"elementor-column elementor-col-50 elementor-top-column elementor-element elementor-element-9e99e79\" data-id=\"9e99e79\" data-element_type=\"column\">\n\t\t\t<div class=\"elementor-widget-wrap elementor-element-populated\">\n\t\t\t\t\t\t\t\t<div class=\"elementor-element elementor-element-e1be97c elementor-widget elementor-widget-image\" data-id=\"e1be97c\" data-element_type=\"widget\" data-widget_type=\"image.default\">\n\t\t\t\t<div class=\"elementor-widget-container\">\n\t\t\t<style>\/*! elementor - v3.12.1 - 02-04-2023 *\/\n.elementor-widget-image{text-align:center}.elementor-widget-image a{display:inline-block}.elementor-widget-image a img[src$=\".svg\"]{width:48px}.elementor-widget-image img{vertical-align:middle;display:inline-block}<\/style>\t\t\t\t\t\t\t\t\t\t\t\t<img loading=\"lazy\" decoding=\"async\" width=\"750\" height=\"988\" src=\"https:\/\/clinvetdosona.cat\/wp-content\/uploads\/2023\/04\/Ester-Forjan-Bres.jpg\" class=\"attachment-full size-full wp-image-12442\" alt=\"Ester Forjan Bres\" srcset=\"https:\/\/clinvetdosona.cat\/wp-content\/uploads\/2023\/04\/Ester-Forjan-Bres.jpg 750w, https:\/\/clinvetdosona.cat\/wp-content\/uploads\/2023\/04\/Ester-Forjan-Bres-228x300.jpg 228w, https:\/\/clinvetdosona.cat\/wp-content\/uploads\/2023\/04\/Ester-Forjan-Bres-600x790.jpg 600w\" sizes=\"auto, (max-width: 750px) 100vw, 750px\" \/>\t\t\t\t\t\t\t\t\t\t\t\t\t\t\t<\/div>\n\t\t\t\t<\/div>\n\t\t\t\t\t<\/div>\n\t\t<\/div>\n\t\t\t\t<div class=\"elementor-column elementor-col-50 elementor-top-column elementor-element elementor-element-9e67d5c\" data-id=\"9e67d5c\" data-element_type=\"column\">\n\t\t\t<div class=\"elementor-widget-wrap elementor-element-populated\">\n\t\t\t\t\t\t\t\t<div class=\"elementor-element elementor-element-63ed063 poket-star-rating--align-center elementor-widget elementor-widget-witr_section_title\" data-id=\"63ed063\" data-element_type=\"widget\" data-widget_type=\"witr_section_title.default\">\n\t\t\t\t<div class=\"elementor-widget-container\">\n\t\t\t\t\t\t\t\t<!-- title left -->\n\t\t\t\t\t<div class=\"witr_section_title\">\n\t\t\t\t\t\t<div class=\"witr_section_title_inner text-left\">\n\t\t\t\t\t\t\n\t\t\t\t\t\t\t<!-- icon position -->\n\t\t\t\t\t\t\t\t\n\t\t\t\t\t\t\t<!-- end icon position -->\n\t\t\t\t\t\t\n\t\t\t\t\t\t\n\t\t\t\t\t\t\t<!-- title top -->\n\t\t\t\t\t\t\t\n\t\t\t\t\t\t\t<!-- icon position -->\n\t\t\t\t\t\t\t\t\n\t\t\t\t\t\t\t<!-- end icon position -->\n\n\t\t\t\t\t\t\t\n\t\t\t\t\t\t\t<!-- title middle -->\n\t\t\t\t\t\t\t\t\t\t\t\t\t\t\t<h3>Ester Forjan Bres<\/h3>\t\t\n\t\t\t\t\t\t\t\t\t\t\t\t\t\t<!-- title bottom -->\n\t\t\t\t\t\t\t\t\t\t\t\t\t\t\t<h1>Auxiliar<\/h1>\t\t\n\t\t\t\t\t\t\t\t\t\t\t\t\t\t\n\t\t\t\t\t\t\t<!-- icon position -->\n\t\t\t\t\t\t\t\t\t\t\t\t\t\t\n\t\t\t\t\t\t\t<!-- image -->\n\t\t\t\t\t\t\t\t\t\t\t\t\t\t<!-- icon -->\n\t\t\t\t\t\t\t\t\t\t\t\t\t\t\n\t\t\t\t\t\t\t<!-- bar -->\n\t\t\t\t\t\t\t\t\t\t\t\t\t\t<!-- circle bar -->\n\t\t\t\t\t\t\t\t\t\t\t\t\t\t\n\t\t\t\t\t\t\t\t\n\t\t\t\t\t\t\t<!-- end icon position -->\n\n\t\t\t\t\t\t\t<!-- content -->\n\t\t\t\t\t\t\t\t\t\t\t\t\t\t\t<p>Forma parte del equipo de la cl\u00ednica desde el 2004. Empez\u00f3 trabajando s\u00f3lo de auxiliar en la cl\u00ednica y al cabo de poco tiempo pas\u00f3 a encargarse de la tienda aunque siempre tiene una mano disponible para ayudarnos en la cl\u00ednica. Ha vivido en contacto con los animales desde peque\u00f1a, tanto con perros c\u00f3mo gatos y hasta con animales de granja. Aunque su trabajo es ayudaros y orientaros en la elecci\u00f3n de diferentes productos de la tienda, y por lo tanto, tiene poco contacto directo con los animales, siempre le encanta que entren a saludar las distintas mascotas que llev\u00e1is y est\u00e1 encantada de hacerles fiestas y darles alguna chuche. <\/p>\t\t\n\t\t\t\t\t\t\t\t\t\t\t\t\t<\/div>\n\t\t\t\t\t\t\t<!-- inner title -->\n\t\t\t\t\t\t\t\t\t\t\t\t\t\n\t\t\t\t\t<\/div>\t\t\t\t\n\t\t\t\t\t\t<\/div>\n\t\t\t\t<\/div>\n\t\t\t\t\t<\/div>\n\t\t<\/div>\n\t\t\t\t\t\t\t<\/div>\n\t\t<\/section>\n\t\t\t\t\t\t\t<\/div>\n\t\t","protected":false},"excerpt":{"rendered":"<p>Ester Forjan Bres Auxiliar Forma parte del equipo de la cl\u00ednica desde el 2004. Empez\u00f3 trabajando s\u00f3lo de auxiliar en la cl\u00ednica y al cabo de poco tiempo pas\u00f3 a encargarse de la tienda aunque siempre tiene una mano disponible para ayudarnos en la cl\u00ednica. Ha vivido en contacto con los animales desde peque\u00f1a, tanto [&hellip;]<\/p>\n","protected":false},"author":1,"featured_media":0,"parent":0,"menu_order":0,"comment_status":"closed","ping_status":"closed","template":"elementor_header_footer","meta":{"footnotes":""},"class_list":["post-14503","page","type-page","status-publish","hentry"],"yoast_head":"<!-- This site is optimized with the Yoast SEO plugin v21.0 - https:\/\/yoast.com\/wordpress\/plugins\/seo\/ -->\n<title>Ester Forjan Bres - Cl\u00ednica Veterinaria de Osona<\/title>\n<meta name=\"description\" content=\"Cl\u00ednica veterinaria Vic - Tienda animales Vic - Asistente de veterinario con experiencia en curar mascotas en Vic\" \/>\n<meta name=\"robots\" content=\"index, follow, max-snippet:-1, max-image-preview:large, max-video-preview:-1\" \/>\n<link rel=\"canonical\" href=\"https:\/\/clinvetdosona.cat\/es\/ester-forjan-bres\/\" \/>\n<meta property=\"og:locale\" content=\"es_ES\" \/>\n<meta property=\"og:type\" content=\"article\" \/>\n<meta property=\"og:title\" content=\"Ester Forjan Bres - Cl\u00ednica Veterinaria de Osona\" \/>\n<meta property=\"og:description\" content=\"Cl\u00ednica veterinaria Vic - Tienda animales Vic - Asistente de veterinario con experiencia en curar mascotas en Vic\" \/>\n<meta property=\"og:url\" content=\"https:\/\/clinvetdosona.cat\/es\/ester-forjan-bres\/\" \/>\n<meta property=\"og:site_name\" content=\"Cl\u00ednica Veterin\u00e0ria d\u2019Osona\" \/>\n<meta property=\"article:modified_time\" content=\"2024-06-11T14:59:28+00:00\" \/>\n<meta property=\"og:image\" content=\"https:\/\/clinvetdosona.cat\/wp-content\/uploads\/2023\/04\/Ester-Forjan-Bres.jpg\" \/>\n<meta name=\"twitter:card\" content=\"summary_large_image\" \/>\n<meta name=\"twitter:label1\" content=\"Tiempo de lectura\" \/>\n\t<meta name=\"twitter:data1\" content=\"1 minuto\" \/>\n<script type=\"application\/ld+json\" class=\"yoast-schema-graph\">{\"@context\":\"https:\/\/schema.org\",\"@graph\":[{\"@type\":\"WebPage\",\"@id\":\"https:\/\/clinvetdosona.cat\/es\/ester-forjan-bres\/\",\"url\":\"https:\/\/clinvetdosona.cat\/es\/ester-forjan-bres\/\",\"name\":\"Ester Forjan Bres - Cl\u00ednica Veterinaria de Osona\",\"isPartOf\":{\"@id\":\"https:\/\/clinvetdosona.cat\/#website\"},\"datePublished\":\"2023-06-08T08:41:52+00:00\",\"dateModified\":\"2024-06-11T14:59:28+00:00\",\"description\":\"Cl\u00ednica veterinaria Vic - Tienda animales Vic - Asistente de veterinario con experiencia en curar mascotas en Vic\",\"breadcrumb\":{\"@id\":\"https:\/\/clinvetdosona.cat\/es\/ester-forjan-bres\/#breadcrumb\"},\"inLanguage\":\"es\",\"potentialAction\":[{\"@type\":\"ReadAction\",\"target\":[\"https:\/\/clinvetdosona.cat\/es\/ester-forjan-bres\/\"]}]},{\"@type\":\"BreadcrumbList\",\"@id\":\"https:\/\/clinvetdosona.cat\/es\/ester-forjan-bres\/#breadcrumb\",\"itemListElement\":[{\"@type\":\"ListItem\",\"position\":1,\"name\":\"Inici\",\"item\":\"https:\/\/clinvetdosona.cat\/es\/\"},{\"@type\":\"ListItem\",\"position\":2,\"name\":\"Ester Forjan Bres\"}]},{\"@type\":\"WebSite\",\"@id\":\"https:\/\/clinvetdosona.cat\/#website\",\"url\":\"https:\/\/clinvetdosona.cat\/\",\"name\":\"Cl\u00ednica Veterin\u00e0ria d\u2019Osona\",\"description\":\"T\u2019ajudem a cuidar-lo\",\"potentialAction\":[{\"@type\":\"SearchAction\",\"target\":{\"@type\":\"EntryPoint\",\"urlTemplate\":\"https:\/\/clinvetdosona.cat\/?s={search_term_string}\"},\"query-input\":\"required name=search_term_string\"}],\"inLanguage\":\"es\"}]}<\/script>\n<!-- \/ Yoast SEO plugin. -->","yoast_head_json":{"title":"Ester Forjan Bres - Cl\u00ednica Veterinaria de Osona","description":"Cl\u00ednica veterinaria Vic - Tienda animales Vic - Asistente de veterinario con experiencia en curar mascotas en Vic","robots":{"index":"index","follow":"follow","max-snippet":"max-snippet:-1","max-image-preview":"max-image-preview:large","max-video-preview":"max-video-preview:-1"},"canonical":"https:\/\/clinvetdosona.cat\/es\/ester-forjan-bres\/","og_locale":"es_ES","og_type":"article","og_title":"Ester Forjan Bres - Cl\u00ednica Veterinaria de Osona","og_description":"Cl\u00ednica veterinaria Vic - Tienda animales Vic - Asistente de veterinario con experiencia en curar mascotas en Vic","og_url":"https:\/\/clinvetdosona.cat\/es\/ester-forjan-bres\/","og_site_name":"Cl\u00ednica Veterin\u00e0ria d\u2019Osona","article_modified_time":"2024-06-11T14:59:28+00:00","og_image":[{"url":"https:\/\/clinvetdosona.cat\/wp-content\/uploads\/2023\/04\/Ester-Forjan-Bres.jpg"}],"twitter_card":"summary_large_image","twitter_misc":{"Tiempo de lectura":"1 minuto"},"schema":{"@context":"https:\/\/schema.org","@graph":[{"@type":"WebPage","@id":"https:\/\/clinvetdosona.cat\/es\/ester-forjan-bres\/","url":"https:\/\/clinvetdosona.cat\/es\/ester-forjan-bres\/","name":"Ester Forjan Bres - Cl\u00ednica Veterinaria de Osona","isPartOf":{"@id":"https:\/\/clinvetdosona.cat\/#website"},"datePublished":"2023-06-08T08:41:52+00:00","dateModified":"2024-06-11T14:59:28+00:00","description":"Cl\u00ednica veterinaria Vic - Tienda animales Vic - Asistente de veterinario con experiencia en curar mascotas en Vic","breadcrumb":{"@id":"https:\/\/clinvetdosona.cat\/es\/ester-forjan-bres\/#breadcrumb"},"inLanguage":"es","potentialAction":[{"@type":"ReadAction","target":["https:\/\/clinvetdosona.cat\/es\/ester-forjan-bres\/"]}]},{"@type":"BreadcrumbList","@id":"https:\/\/clinvetdosona.cat\/es\/ester-forjan-bres\/#breadcrumb","itemListElement":[{"@type":"ListItem","position":1,"name":"Inici","item":"https:\/\/clinvetdosona.cat\/es\/"},{"@type":"ListItem","position":2,"name":"Ester Forjan Bres"}]},{"@type":"WebSite","@id":"https:\/\/clinvetdosona.cat\/#website","url":"https:\/\/clinvetdosona.cat\/","name":"Cl\u00ednica Veterin\u00e0ria d\u2019Osona","description":"T\u2019ajudem a cuidar-lo","potentialAction":[{"@type":"SearchAction","target":{"@type":"EntryPoint","urlTemplate":"https:\/\/clinvetdosona.cat\/?s={search_term_string}"},"query-input":"required name=search_term_string"}],"inLanguage":"es"}]}},"_links":{"self":[{"href":"https:\/\/clinvetdosona.cat\/es\/wp-json\/wp\/v2\/pages\/14503","targetHints":{"allow":["GET"]}}],"collection":[{"href":"https:\/\/clinvetdosona.cat\/es\/wp-json\/wp\/v2\/pages"}],"about":[{"href":"https:\/\/clinvetdosona.cat\/es\/wp-json\/wp\/v2\/types\/page"}],"author":[{"embeddable":true,"href":"https:\/\/clinvetdosona.cat\/es\/wp-json\/wp\/v2\/users\/1"}],"replies":[{"embeddable":true,"href":"https:\/\/clinvetdosona.cat\/es\/wp-json\/wp\/v2\/comments?post=14503"}],"version-history":[{"count":5,"href":"https:\/\/clinvetdosona.cat\/es\/wp-json\/wp\/v2\/pages\/14503\/revisions"}],"predecessor-version":[{"id":15269,"href":"https:\/\/clinvetdosona.cat\/es\/wp-json\/wp\/v2\/pages\/14503\/revisions\/15269"}],"wp:attachment":[{"href":"https:\/\/clinvetdosona.cat\/es\/wp-json\/wp\/v2\/media?parent=14503"}],"curies":[{"name":"wp","href":"https:\/\/api.w.org\/{rel}","templated":true}]}}