{"id":14518,"date":"2023-06-08T08:46:34","date_gmt":"2023-06-08T08:46:34","guid":{"rendered":"https:\/\/clinvetdosona.cat\/?page_id=14518"},"modified":"2024-06-11T15:01:23","modified_gmt":"2024-06-11T15:01:23","slug":"carme-acuna-reyes","status":"publish","type":"page","link":"https:\/\/clinvetdosona.cat\/es\/carme-acuna-reyes\/","title":{"rendered":"Carme Acu\u00f1a Reyes"},"content":{"rendered":"\t\t<div data-elementor-type=\"wp-page\" data-elementor-id=\"14518\" class=\"elementor elementor-14518 elementor-14428\">\n\t\t\t\t\t\t\t\t\t<section class=\"elementor-section elementor-top-section elementor-element elementor-element-363109d equipo elementor-section-boxed elementor-section-height-default elementor-section-height-default\" data-id=\"363109d\" data-element_type=\"section\">\n\t\t\t\t\t\t<div class=\"elementor-container elementor-column-gap-default\">\n\t\t\t\t\t<div class=\"elementor-column elementor-col-50 elementor-top-column elementor-element elementor-element-05dd4c6\" data-id=\"05dd4c6\" data-element_type=\"column\">\n\t\t\t<div class=\"elementor-widget-wrap elementor-element-populated\">\n\t\t\t\t\t\t\t\t<div class=\"elementor-element elementor-element-f274ff8 elementor-widget elementor-widget-image\" data-id=\"f274ff8\" data-element_type=\"widget\" data-widget_type=\"image.default\">\n\t\t\t\t<div class=\"elementor-widget-container\">\n\t\t\t<style>\/*! elementor - v3.12.1 - 02-04-2023 *\/\n.elementor-widget-image{text-align:center}.elementor-widget-image a{display:inline-block}.elementor-widget-image a img[src$=\".svg\"]{width:48px}.elementor-widget-image img{vertical-align:middle;display:inline-block}<\/style>\t\t\t\t\t\t\t\t\t\t\t\t<img loading=\"lazy\" decoding=\"async\" width=\"750\" height=\"988\" src=\"https:\/\/clinvetdosona.cat\/wp-content\/uploads\/2023\/07\/Carme-1.jpg\" class=\"attachment-full size-full wp-image-14762\" alt=\"Carme\" srcset=\"https:\/\/clinvetdosona.cat\/wp-content\/uploads\/2023\/07\/Carme-1.jpg 750w, https:\/\/clinvetdosona.cat\/wp-content\/uploads\/2023\/07\/Carme-1-228x300.jpg 228w\" sizes=\"auto, (max-width: 750px) 100vw, 750px\" \/>\t\t\t\t\t\t\t\t\t\t\t\t\t\t\t<\/div>\n\t\t\t\t<\/div>\n\t\t\t\t\t<\/div>\n\t\t<\/div>\n\t\t\t\t<div class=\"elementor-column elementor-col-50 elementor-top-column elementor-element elementor-element-a55b88a\" data-id=\"a55b88a\" data-element_type=\"column\">\n\t\t\t<div class=\"elementor-widget-wrap elementor-element-populated\">\n\t\t\t\t\t\t\t\t<div class=\"elementor-element elementor-element-21b0a8e poket-star-rating--align-center elementor-widget elementor-widget-witr_section_title\" data-id=\"21b0a8e\" data-element_type=\"widget\" data-widget_type=\"witr_section_title.default\">\n\t\t\t\t<div class=\"elementor-widget-container\">\n\t\t\t\t\t\t\t\t<!-- title left -->\n\t\t\t\t\t<div class=\"witr_section_title\">\n\t\t\t\t\t\t<div class=\"witr_section_title_inner text-left\">\n\t\t\t\t\t\t\n\t\t\t\t\t\t\t<!-- icon position -->\n\t\t\t\t\t\t\t\t\n\t\t\t\t\t\t\t<!-- end icon position -->\n\t\t\t\t\t\t\n\t\t\t\t\t\t\n\t\t\t\t\t\t\t<!-- title top -->\n\t\t\t\t\t\t\t\n\t\t\t\t\t\t\t<!-- icon position -->\n\t\t\t\t\t\t\t\t\n\t\t\t\t\t\t\t<!-- end icon position -->\n\n\t\t\t\t\t\t\t\n\t\t\t\t\t\t\t<!-- title middle -->\n\t\t\t\t\t\t\t\t\t\t\t\t\t\t\t<h3>Carme Acu\u00f1a Reyes<\/h3>\t\t\n\t\t\t\t\t\t\t\t\t\t\t\t\t\t<!-- title bottom -->\n\t\t\t\t\t\t\t\t\t\t\t\t\t\t\t<h1>Peluquera<\/h1>\t\t\n\t\t\t\t\t\t\t\t\t\t\t\t\t\t\n\t\t\t\t\t\t\t<!-- icon position -->\n\t\t\t\t\t\t\t\t\t\t\t\t\t\t\n\t\t\t\t\t\t\t<!-- image -->\n\t\t\t\t\t\t\t\t\t\t\t\t\t\t<!-- icon -->\n\t\t\t\t\t\t\t\t\t\t\t\t\t\t\n\t\t\t\t\t\t\t<!-- bar -->\n\t\t\t\t\t\t\t\t\t\t\t\t\t\t<!-- circle bar -->\n\t\t\t\t\t\t\t\t\t\t\t\t\t\t\n\t\t\t\t\t\t\t\t\n\t\t\t\t\t\t\t<!-- end icon position -->\n\n\t\t\t\t\t\t\t<!-- content -->\n\t\t\t\t\t\t\t\t\t\t\t\t\t\t\t<p>Empez\u00f3 su trayectoria profesional en el mundo del pelo de los animales en el a\u00f1o 1994, colaborando con un criador y trabajando en los perros de exposici\u00f3n. Viendo que le gustaba mucho este \u00e1mbito profesional, hizo una larga estada en Francia e Inglaterra, form\u00e1ndose y trabajando. M\u00e1s adelante vuelve a Catalu\u00f1a y sigue trabajando en el \u00e1mbito de la exposici\u00f3n, consiguiendo durante este per\u00edodo hacer distintos perros campeones, a nivel Espa\u00f1ol, en Gibraltar, en concursos internacionales y hasta un mundial (Mundial de Milano, 2000). Se incorpor\u00f3 al equipo de la cl\u00ednica en el a\u00f1o 2003 y desde entonces ha seguido form\u00e1ndose en cursos, seminarios,... para conseguir cada vez un trabajo mejor hecho, pues disfruta mucho con cada corte de tijeras que da y valora mucho tanto la est\u00e9tica y el trabajo bien hecho c\u00f3mo el bienestar de los animales. <\/p>\t\t\n\t\t\t\t\t\t\t\t\t\t\t\t\t<\/div>\n\t\t\t\t\t\t\t<!-- inner title -->\n\t\t\t\t\t\t\t\t\t\t\t\t\t\n\t\t\t\t\t<\/div>\t\t\t\t\n\t\t\t\t\t\t<\/div>\n\t\t\t\t<\/div>\n\t\t\t\t\t<\/div>\n\t\t<\/div>\n\t\t\t\t\t\t\t<\/div>\n\t\t<\/section>\n\t\t\t\t\t\t\t<\/div>\n\t\t","protected":false},"excerpt":{"rendered":"<p>Carme Acu\u00f1a Reyes Peluquera Empez\u00f3 su trayectoria profesional en el mundo del pelo de los animales en el a\u00f1o 1994, colaborando con un criador y trabajando en los perros de exposici\u00f3n. Viendo que le gustaba mucho este \u00e1mbito profesional, hizo una larga estada en Francia e Inglaterra, form\u00e1ndose y trabajando. M\u00e1s adelante vuelve a Catalu\u00f1a [&hellip;]<\/p>\n","protected":false},"author":1,"featured_media":0,"parent":0,"menu_order":0,"comment_status":"closed","ping_status":"closed","template":"elementor_header_footer","meta":{"footnotes":""},"class_list":["post-14518","page","type-page","status-publish","hentry"],"yoast_head":"<!-- This site is optimized with the Yoast SEO plugin v21.0 - https:\/\/yoast.com\/wordpress\/plugins\/seo\/ -->\n<title>Carme Acu\u00f1a P\u00e9rez - Cl\u00ednica Veterinaria de Osona<\/title>\n<meta name=\"description\" content=\"Peluquer\u00eda canina Vic - Tienda de animales - Peluquera con dilatada experiencia en peluquer\u00eda de mascotas en Vic\" \/>\n<meta name=\"robots\" content=\"index, follow, max-snippet:-1, max-image-preview:large, max-video-preview:-1\" \/>\n<link rel=\"canonical\" href=\"https:\/\/clinvetdosona.cat\/es\/carme-acuna-reyes\/\" \/>\n<meta property=\"og:locale\" content=\"es_ES\" \/>\n<meta property=\"og:type\" content=\"article\" \/>\n<meta property=\"og:title\" content=\"Carme Acu\u00f1a P\u00e9rez - Cl\u00ednica Veterinaria de Osona\" \/>\n<meta property=\"og:description\" content=\"Peluquer\u00eda canina Vic - Tienda de animales - Peluquera con dilatada experiencia en peluquer\u00eda de mascotas en Vic\" \/>\n<meta property=\"og:url\" content=\"https:\/\/clinvetdosona.cat\/es\/carme-acuna-reyes\/\" \/>\n<meta property=\"og:site_name\" content=\"Cl\u00ednica Veterin\u00e0ria d\u2019Osona\" \/>\n<meta property=\"article:modified_time\" content=\"2024-06-11T15:01:23+00:00\" \/>\n<meta property=\"og:image\" content=\"https:\/\/clinvetdosona.cat\/wp-content\/uploads\/2023\/07\/Carme-1.jpg\" \/>\n<meta name=\"twitter:card\" content=\"summary_large_image\" \/>\n<meta name=\"twitter:label1\" content=\"Tiempo de lectura\" \/>\n\t<meta name=\"twitter:data1\" content=\"1 minuto\" \/>\n<script type=\"application\/ld+json\" class=\"yoast-schema-graph\">{\"@context\":\"https:\/\/schema.org\",\"@graph\":[{\"@type\":\"WebPage\",\"@id\":\"https:\/\/clinvetdosona.cat\/es\/carme-acuna-reyes\/\",\"url\":\"https:\/\/clinvetdosona.cat\/es\/carme-acuna-reyes\/\",\"name\":\"Carme Acu\u00f1a P\u00e9rez - Cl\u00ednica Veterinaria de Osona\",\"isPartOf\":{\"@id\":\"https:\/\/clinvetdosona.cat\/#website\"},\"datePublished\":\"2023-06-08T08:46:34+00:00\",\"dateModified\":\"2024-06-11T15:01:23+00:00\",\"description\":\"Peluquer\u00eda canina Vic - Tienda de animales - Peluquera con dilatada experiencia en peluquer\u00eda de mascotas en Vic\",\"breadcrumb\":{\"@id\":\"https:\/\/clinvetdosona.cat\/es\/carme-acuna-reyes\/#breadcrumb\"},\"inLanguage\":\"es\",\"potentialAction\":[{\"@type\":\"ReadAction\",\"target\":[\"https:\/\/clinvetdosona.cat\/es\/carme-acuna-reyes\/\"]}]},{\"@type\":\"BreadcrumbList\",\"@id\":\"https:\/\/clinvetdosona.cat\/es\/carme-acuna-reyes\/#breadcrumb\",\"itemListElement\":[{\"@type\":\"ListItem\",\"position\":1,\"name\":\"Inici\",\"item\":\"https:\/\/clinvetdosona.cat\/es\/\"},{\"@type\":\"ListItem\",\"position\":2,\"name\":\"Carme Acu\u00f1a Reyes\"}]},{\"@type\":\"WebSite\",\"@id\":\"https:\/\/clinvetdosona.cat\/#website\",\"url\":\"https:\/\/clinvetdosona.cat\/\",\"name\":\"Cl\u00ednica Veterin\u00e0ria d\u2019Osona\",\"description\":\"T\u2019ajudem a cuidar-lo\",\"potentialAction\":[{\"@type\":\"SearchAction\",\"target\":{\"@type\":\"EntryPoint\",\"urlTemplate\":\"https:\/\/clinvetdosona.cat\/?s={search_term_string}\"},\"query-input\":\"required name=search_term_string\"}],\"inLanguage\":\"es\"}]}<\/script>\n<!-- \/ Yoast SEO plugin. -->","yoast_head_json":{"title":"Carme Acu\u00f1a P\u00e9rez - Cl\u00ednica Veterinaria de Osona","description":"Peluquer\u00eda canina Vic - Tienda de animales - Peluquera con dilatada experiencia en peluquer\u00eda de mascotas en Vic","robots":{"index":"index","follow":"follow","max-snippet":"max-snippet:-1","max-image-preview":"max-image-preview:large","max-video-preview":"max-video-preview:-1"},"canonical":"https:\/\/clinvetdosona.cat\/es\/carme-acuna-reyes\/","og_locale":"es_ES","og_type":"article","og_title":"Carme Acu\u00f1a P\u00e9rez - Cl\u00ednica Veterinaria de Osona","og_description":"Peluquer\u00eda canina Vic - Tienda de animales - Peluquera con dilatada experiencia en peluquer\u00eda de mascotas en Vic","og_url":"https:\/\/clinvetdosona.cat\/es\/carme-acuna-reyes\/","og_site_name":"Cl\u00ednica Veterin\u00e0ria d\u2019Osona","article_modified_time":"2024-06-11T15:01:23+00:00","og_image":[{"url":"https:\/\/clinvetdosona.cat\/wp-content\/uploads\/2023\/07\/Carme-1.jpg"}],"twitter_card":"summary_large_image","twitter_misc":{"Tiempo de lectura":"1 minuto"},"schema":{"@context":"https:\/\/schema.org","@graph":[{"@type":"WebPage","@id":"https:\/\/clinvetdosona.cat\/es\/carme-acuna-reyes\/","url":"https:\/\/clinvetdosona.cat\/es\/carme-acuna-reyes\/","name":"Carme Acu\u00f1a P\u00e9rez - Cl\u00ednica Veterinaria de Osona","isPartOf":{"@id":"https:\/\/clinvetdosona.cat\/#website"},"datePublished":"2023-06-08T08:46:34+00:00","dateModified":"2024-06-11T15:01:23+00:00","description":"Peluquer\u00eda canina Vic - Tienda de animales - Peluquera con dilatada experiencia en peluquer\u00eda de mascotas en Vic","breadcrumb":{"@id":"https:\/\/clinvetdosona.cat\/es\/carme-acuna-reyes\/#breadcrumb"},"inLanguage":"es","potentialAction":[{"@type":"ReadAction","target":["https:\/\/clinvetdosona.cat\/es\/carme-acuna-reyes\/"]}]},{"@type":"BreadcrumbList","@id":"https:\/\/clinvetdosona.cat\/es\/carme-acuna-reyes\/#breadcrumb","itemListElement":[{"@type":"ListItem","position":1,"name":"Inici","item":"https:\/\/clinvetdosona.cat\/es\/"},{"@type":"ListItem","position":2,"name":"Carme Acu\u00f1a Reyes"}]},{"@type":"WebSite","@id":"https:\/\/clinvetdosona.cat\/#website","url":"https:\/\/clinvetdosona.cat\/","name":"Cl\u00ednica Veterin\u00e0ria d\u2019Osona","description":"T\u2019ajudem a cuidar-lo","potentialAction":[{"@type":"SearchAction","target":{"@type":"EntryPoint","urlTemplate":"https:\/\/clinvetdosona.cat\/?s={search_term_string}"},"query-input":"required name=search_term_string"}],"inLanguage":"es"}]}},"_links":{"self":[{"href":"https:\/\/clinvetdosona.cat\/es\/wp-json\/wp\/v2\/pages\/14518","targetHints":{"allow":["GET"]}}],"collection":[{"href":"https:\/\/clinvetdosona.cat\/es\/wp-json\/wp\/v2\/pages"}],"about":[{"href":"https:\/\/clinvetdosona.cat\/es\/wp-json\/wp\/v2\/types\/page"}],"author":[{"embeddable":true,"href":"https:\/\/clinvetdosona.cat\/es\/wp-json\/wp\/v2\/users\/1"}],"replies":[{"embeddable":true,"href":"https:\/\/clinvetdosona.cat\/es\/wp-json\/wp\/v2\/comments?post=14518"}],"version-history":[{"count":8,"href":"https:\/\/clinvetdosona.cat\/es\/wp-json\/wp\/v2\/pages\/14518\/revisions"}],"predecessor-version":[{"id":15276,"href":"https:\/\/clinvetdosona.cat\/es\/wp-json\/wp\/v2\/pages\/14518\/revisions\/15276"}],"wp:attachment":[{"href":"https:\/\/clinvetdosona.cat\/es\/wp-json\/wp\/v2\/media?parent=14518"}],"curies":[{"name":"wp","href":"https:\/\/api.w.org\/{rel}","templated":true}]}}